{"id":16,"date":"2016-08-12T18:34:08","date_gmt":"2016-08-12T16:34:08","guid":{"rendered":"http:\/\/theoretikerclub.de\/?page_id=16"},"modified":"2023-06-12T19:10:03","modified_gmt":"2023-06-12T17:10:03","slug":"lieblingsbuchhaendler","status":"publish","type":"page","link":"http:\/\/theoretikerclub.de\/index.php\/lieblingsbuchhaendler\/","title":{"rendered":"Lieblingsbuchmenschen"},"content":{"rendered":"<p>Muss doch nicht immer Amazon sein, oder? Eben! Und weil ich in meinem neuen Leben als Autorin so viele tolle Buchh\u00e4ndler kennen gelernt habe, die viel mehr Ahnung haben als jeder Beratungsroboter, mache ich es heute mal umgekehrt: Ich empfehle Euch die, deren Job das pers\u00f6nliche Empfehlen ist. Oft empfehlen sie n\u00e4mlich auch meine B\u00fccher. Aber ich mag sie vor allem deswegen, weil jeder etwas Besonderes ist. So wie jeder Buchgeschmack eben seine eigene besondere Empfehlung braucht.<\/p>\n<p><strong>Simone Kitz<\/strong> von der <a href=\"http:\/\/buch-netzer.shop-asp.de\/shop\/action\/mymagazine\/1001\/home.html?aUrl=90008344\">Buchhandlung Netzer<\/a>, Lindenberg. Dort steht der gem\u00fctlichste Lesesessel der Republik. Daneben bietet sie ein tolles Programm mit vielen Lesungen und unglaublich k\u00f6stliche Torten.<\/p>\n<p><strong>Katharina Lemling<\/strong> von der <a href=\"http:\/\/www.lehmkuhl.net\/\">Buchhandlung Lehmkuhl<\/a> in M\u00fcnchen macht Schwabing zu einem Dorf. Sie scheint wirklich jeden zu kennen und selbst wenn man sich erst nach drei Jahren und nach nur einer fl\u00fcchtigen Begegnung wieder sieht, wird man mit Namen angesprochen.\u00a0 Das f\u00fchlt sich an wie Familie.<\/p>\n<p><strong>Rosemarie Bernhard<\/strong> von der <a href=\"http:\/\/buecher-bernhard.shop-asp.de\/shop\/action\/mymagazine\/1001\/home.html?aUrl=90003846\">Buchhandlung Bernhard<\/a> in Neufahrn. Ein Fan der ersten Stunde &#8211; und das bin ich umgekehrt auch.<\/p>\n<p><strong>Stefanie P\u00f6rtner<\/strong> ist bei der <a href=\"https:\/\/buchhaus-zimmermann.de\/\">G. Zimmermanns Buchhandlung<\/a> in Kirchheim f\u00fcr das Kinder- und Jugendbuch zust\u00e4ndig. Das macht sie unglaublich sympathisch und gro\u00dfartig. Woher ich das wei\u00df? Keiner hat je mehr B\u00fccher verkauft auf meinen Schulbuchlesungen als Stefanie P\u00f6rtner.<\/p>\n<p><strong>Bettina Herrmann-Wilden<\/strong> von der <a href=\"http:\/\/www.buchhandlung-leselust.de\/index.htm\">Leselust<\/a> in Gilching. Weil der Name dieser Buchhandlung einfach Programm ist.<\/p>\n<p><strong>Nicola Br\u00e4unling<\/strong> von der <a href=\"http:\/\/www.buchhandlung-braeunling.com\">Buchhandlung Br\u00e4unling<\/a> in Puchheim. Ist bei Schullesungen mindestens ebenso aufmerksam dabei wie die erste Reihe vor der Tafel.<\/p>\n<p><strong>Magda Hassan<\/strong> macht&#8217;s einem echt schwer, wenn man in Wien bei <a href=\"http:\/\/www.herder.at\">Herder<\/a> nach dem Ritt auf der Rutsche bis zu meinen B\u00fcchern im Eck durchdringen will. Denn sie hat so viele interessante Ablenkungen dazwischen gebaut und so viele tolle Kinderb\u00fccher aufgelegt, dass man immer wieder vorher kleben bleibt.<\/p>\n<p><strong>Heinz Kasulke<\/strong> von der Buchhandlung <a href=\"http:\/\/buecherherzog.shop-asp.de\/shop\/action\/?aUrl=90000190\">Herzog<\/a> in M\u00fchldorf sollte k\u00fcnftig alle meine Expos\u00e9s bei meinem Verlag vortragen. Sie w\u00fcrden sofort durchgehen, weil man dieser Buch- und Pr\u00e4sentationsleidenschaft einfach ohne Gegenwehr erliegt.<\/p>\n<p><strong>Martina Prietz<\/strong> kenne ich schon, als sie noch in Gauting bei der <a href=\"http:\/\/kirchheim-buecher.de\/\">Buchhandlung Kirchheim<\/a> (auch sehr zu empfehlen!) war, jetzt wirkt sie bei <a href=\"http:\/\/blattgold-literatur.shop-asp.de\/shop\/action\/?aUrl=90009292\">Blattgold Literatur Moosach<\/a> (M\u00fcnchen). Ihr gefallen genau die gleichen B\u00fccher wie mir. Wenn das kein Zufall ist.<\/p>\n<p><strong>Angela Rick, Isabel Tzschaschel-Laggner und Robert Reuter <\/strong>von der Osiander <a href=\"http:\/\/www.osiander.de\/buchhandlungen\/landsberg.cfm\">Buchhandlung in Landsberg<\/a>. Ihre Buchvorstellungsabende \u201eHits for kids\u201c sind wirklich ein Hit und man bekommt jede Menge gute Lese-Tipps, auch mal von B\u00fcchern, die man noch nicht so kennt.<\/p>\n<p><strong>Sandra Marissal<\/strong> von der Marissal Buchhandlung am Hamburger Rathaus. Diesem Charme aus den 50er Jahren mit schiefen Regalen und der knarzenden Wendeltreppe kann man wirklich nicht widerstehen. Weil hier seit Generationen Leidenschaft f\u00fcrs Buch gelebt wird.<\/p>\n<p><strong>Ina Winkler<\/strong> und <strong>Rosemarie Hardenberg<\/strong> vom <a href=\"http:\/\/www.michaelsbund.de\/content\/buchhandlung\/2088\">M\u00fcnchner Lesetraum<\/a> hat nicht nur einen guten Lesegeschmack, den sowieso, sondern trifft auch mit der Musikauswahl ins Schwarze: Als ich neulich da war, lief Ludovico Enaudi. Und der hat nun mal die beste Musik daf\u00fcr geschrieben, wenn man <em>kr\u00e4h-ah-tief<\/em> schreiben will.<\/p>\n<p><img loading=\"lazy\" class=\"size-medium wp-image-223 alignleft\" src=\"http:\/\/theoretikerclub.de\/wp-content\/uploads\/2016\/08\/Leseratte-Rohrbach-300x208.jpg\" alt=\"\" width=\"300\" height=\"208\" srcset=\"http:\/\/theoretikerclub.de\/wp-content\/uploads\/2016\/08\/Leseratte-Rohrbach-300x208.jpg 300w, http:\/\/theoretikerclub.de\/wp-content\/uploads\/2016\/08\/Leseratte-Rohrbach-768x531.jpg 768w, http:\/\/theoretikerclub.de\/wp-content\/uploads\/2016\/08\/Leseratte-Rohrbach.jpg 892w\" sizes=\"(max-width: 300px) 100vw, 300px\" \/><br \/>\n<strong>Claudia Gabriel<\/strong> von der <a href=\"http:\/\/www.buchhandlung-gabriel.de\/\">Buchhandlung Gabriel<\/a> in Rohrbach wei\u00df ganz genau, was Kinder lesen und was sie m\u00f6gen. Denn sie ist au\u00dferdem auch Lehrerin. Au\u00dferdem sitzt in ihrem Lesesessel die coolste selbstgestrickte Leseratte der Welt.<\/p>\n<p>Die <strong>Buchhandlung Greiner<\/strong> (<a href=\"http:\/\/www.starnberg-buchhandlung-greiner.de\/webapp\/wcs\/stores\/servlet\/KNVHomeStore\/55755\/4099276460822233275\/-3\">Kinderbuchhandlung Schatzinsel<\/a>) hat so oft meine B\u00fccher prominent platziert, doch nie konnte ich mich bislang bedanken. Denn immer, wenn wir sonntags durch Starnberg spazieren, hat die Buchhandlung zu und ich konnte immer nur durchs Fenster spechten. Aber ich komme wieder, versprochen!<\/p>\n<p>Die <strong><a href=\"http:\/\/lesezeichengermering.shop-asp.de\/shop\/action\/mymagazine\/1001\/home.html?aUrl=90006352\">Buchhandlung LeseZeichen<\/a><\/strong> in Germering versteckt zu Ostern keine Eier, sondern B\u00fccher. Die Auswahl an Kinder- und Jugendb\u00fcchern ist echt staunenswert und die Empfehlungen decken sich ganz oft mit meinen.<\/p>\n<p><img loading=\"lazy\" class=\"size-medium wp-image-235 alignright\" src=\"http:\/\/theoretikerclub.de\/wp-content\/uploads\/2016\/08\/lieblingsbuchh\u00e4ndler_Sams-300x169.jpg\" alt=\"\" width=\"300\" height=\"169\" srcset=\"http:\/\/theoretikerclub.de\/wp-content\/uploads\/2016\/08\/lieblingsbuchh\u00e4ndler_Sams-300x169.jpg 300w, http:\/\/theoretikerclub.de\/wp-content\/uploads\/2016\/08\/lieblingsbuchh\u00e4ndler_Sams-768x433.jpg 768w, http:\/\/theoretikerclub.de\/wp-content\/uploads\/2016\/08\/lieblingsbuchh\u00e4ndler_Sams-1024x578.jpg 1024w, http:\/\/theoretikerclub.de\/wp-content\/uploads\/2016\/08\/lieblingsbuchh\u00e4ndler_Sams.jpg 1200w\" sizes=\"(max-width: 300px) 100vw, 300px\" \/><strong>Birgit Sembach<\/strong> von <a href=\"http:\/\/www.neuecollibri.de\/\">Collibri<\/a> in Bamberg hat einen ganz besonderen Arbeitsplatz: Die Deko auf den Regalen wurde h\u00f6chstpers\u00f6nlich vom gro\u00dfartigen Paul Maar gestaltet. Das inspiriert zu richtig guten Buchempfehlungen!<\/p>\n<p>Bei <strong>Barbara Seyboth<\/strong> geht meine Liebe durch den Magen. Im Caf\u00e9 K\u00e4the der Buchhandlung Kindlers in Mosbach (Odenwald) wird ein Cappuccino aus der ortseigenen Kaffeer\u00f6sterei Hagen gebr\u00fcht. Lecker. Und an leckerer Lekt\u00fcre fehlt&#8217;s nat\u00fcrlich auch nicht.<\/p>\n<p><strong>Marion Luger<\/strong> mit ihrem Buch Dorado ist ja quasi eine Nachbarin von mir. Und ganz viele der B\u00fccher, die sie in den Regalen hat, stehen auch bei uns: &#8222;Schneeriese&#8220;, &#8222;Letztendlich sind wir dem Universum egal&#8220; zum Beispiel. Will sagen, dem Buchgeschmack kann man blind vertrauen.<\/p>\n<p><strong>Gabriela Meier<\/strong> und <strong>Sophia F\u00fchrer<\/strong> von <a href=\"http:\/\/www.buch-naue.de\">Buch Naue<\/a> in Burghausen, die als Lokalpatrioten f\u00fcr die falsche Einrad-Mannschaft die Daumen dr\u00fccken (es ist nicht die meiner Tochter!), die aber sehr, sehr sympathisch ihre Buchhandlung f\u00fchren.<\/p>\n<p><strong>Marion Arnold<\/strong> vom toll sortierten <a href=\"https:\/\/kinderbuchladen.lesestoff.ch\">Kinderbuchladen<\/a> in Z\u00fcrich ist nicht nur ein echter Fan von dem &#8222;Theoretikerclub&#8220;, sondern sie betreibt auch den sehr lesenswerten Lesef\u00f6rderungs-Blog <a href=\"http:\/\/www.leseleiter.ch\/\">leseleiter.ch.<\/a><\/p>\n<p><strong>Frederick Graff<\/strong> von der <a href=\"https:\/\/www.graff.de\/home.html\">Buchhandlung Graff<\/a> in Braunschweig ist nicht nur Chef einer gro\u00dfen und vielseitigen Kinder- und Jugendbuchabteilung, sondern auch <em>der<\/em> Experte f\u00fcr signierte Young Adult-B\u00fccher &#8211; wir bestellen regelm\u00e4\u00dfig.<\/p>\n<p><strong>Peter und Katrin Peterknecht<\/strong> von der <a href=\"https:\/\/www.peterknecht.de\/shop\/\">Buchhandlung Peterknecht<\/a> in Erfurt. Ihre Erfurter Kinderbuchtage sind eine Legende &#8211; vor allem, weil die Lesungen gern mal im Zoo, im Landeskriminalamt oder auf der Fuchsfarm stattfinden.<\/p>\n<p><strong>Peter Seiler<\/strong> von der <a href=\"http:\/\/www.buchhandlung-schatzinsel.de\/\">Schatzinsel M\u00fcnster<\/a> hat ganz sch\u00f6n oft den Buchhandlungspreis verliehen bekommen und ist besonders auf sch\u00f6ne Kinderb\u00fccher spezialisiert.<\/p>\n<p><strong>Stefanie Endres<\/strong> von <a href=\"https:\/\/www.buchundkunst-auerbach.de\/\">Buch und Kunst in Auerbach<\/a> veranstaltet eines meiner liebsten und liebevollsten Lese-Festivals, den Literaturwagen im Vogtland, mit. Das spricht f\u00fcr sich.<\/p>\n<p><strong><img loading=\"lazy\" class=\" wp-image-300 alignright\" src=\"http:\/\/theoretikerclub.de\/wp-content\/uploads\/2016\/08\/Lesestube-Bonn-300x169.jpg\" alt=\"\" width=\"181\" height=\"102\" srcset=\"http:\/\/theoretikerclub.de\/wp-content\/uploads\/2016\/08\/Lesestube-Bonn-300x169.jpg 300w, http:\/\/theoretikerclub.de\/wp-content\/uploads\/2016\/08\/Lesestube-Bonn-768x433.jpg 768w, http:\/\/theoretikerclub.de\/wp-content\/uploads\/2016\/08\/Lesestube-Bonn-1024x578.jpg 1024w, http:\/\/theoretikerclub.de\/wp-content\/uploads\/2016\/08\/Lesestube-Bonn.jpg 1200w\" sizes=\"(max-width: 181px) 100vw, 181px\" \/>Gisela Schruff-Tyrichter<\/strong> leitet &#8222;Der kleine Laden&#8220; in Bonn. Das Tolle daran: Ein Verein tr\u00e4gt den Laden, der 1950 von den Jugendverb\u00e4nden gegr\u00fcndet wurde, um den Kindern gute B\u00fccher nahebringen zu k\u00f6nnen. Und was er heute noch mit sehr viel Feingef\u00fchl tut.<\/p>\n<p><strong>Ellen Wei\u00df<\/strong> vom <a href=\"https:\/\/haidhauserbuchladen.de\/jugendbuchtipps\/\">Haidhauser Buchladen<\/a> engagiert sich in meinem ehemaligen M\u00fcnchner Wohnviertel besonders bei Kinderg\u00e4rten und ist mit einer schlauen Liste von Jugendbuch-Neuerscheinungen immer sofort zur Hand.<\/p>\n<p><strong>Tobias Janus<\/strong> von der <a href=\"https:\/\/buchhandlung-grimpe.buchkatalog.de\/\">Buchhandlung Grimpe<\/a> in Northeim veranstaltet Krimi-Wettbewerbe, aus denen er dann richtige B\u00fccher macht und macht zahlreiche Projekte mit dem Theater Northeim. Das zeigt Wirkung: Sein Stammpublikum w\u00e4chst und w\u00e4chst.<\/p>\n<p><strong>Inge Thiemann<\/strong> vom <a href=\"https:\/\/voss.buchhandlung.de\/shop\/\">Buchhaus Voss<\/a> in Westerland auf Sylt hat wahrscheinlich die den Arbeitsplatz, um den sie halb Deutschland beneidet: Der Strand in Laufweite und jede Menge urlaubsentspannte, viellesende Kunden hat sie auch. Und in mir einen treuen Fan.<\/p>\n<p><strong>Friederike Wagner<\/strong>\u00a0 und Katrin R\u00fcger <a href=\"https:\/\/buchpalastmuenchen.de\/\">vom Buchpalast in M\u00fcnchen<\/a> w\u00e4hlen mit Freude ihre Palastsch\u00e4tze aus und haben einen eigenen Leseclub\u00a0 B\u00fccherfresser: Mit ihrer Begeisterung stecken sie nicht nur die Kinder, sondern auch alle Kunden an.<\/p>\n<p><strong>Carmen Willems<\/strong> wacht mit freundlichem Auge und gutem Rat \u00fcber die Kinderbuchabteilung im Traditionshaus <a href=\"https:\/\/www.thalia.de\/shop\/home\/filialen\/showDetails\/5115\/?utm_source=google&amp;utm_medium=gmb&amp;utm_campaign=website&amp;utm_content=stuttgart\">Wittwer\u00a0 (Thalia)<\/a> in Stuttgart. Traditionsgem\u00e4\u00df ist diese Abteilung immer richtig gut und breit sortiert.<\/p>\n<p>Und das ist nur der Anfang &#8211; ich hoffe, hier werden noch jede Menge neue Namen hinzukommen &#8230; Und wer noch nach einem richtig guten Buchgesch\u00e4ft in seiner N\u00e4he sucht, hier findet man genau das richtige: <a href=\"http:\/\/&quot;http:\/\/www.buchhandel.de\">www.buchhandel.de<\/a><\/p>\n<p><strong>Und ganz zum Schluss noch ein Lieblings &#8230; . Aber kein &#8230;buchh\u00e4ndler, sondern\u00a0 Lieblings&#8230;bibliothekarinnen. Da gibt&#8217;s n\u00e4mlich auch ein paar, die ich ganz besonders ins Herz geschlossen habe.<\/strong><\/p>\n<p>Allen voran <strong>Cornelia Rhomberg<\/strong>, bei der ich in We\u00dfling immer selbst ganz viele B\u00fccher entleihe und ihr im Gegenzug nat\u00fcrlich auch meine aktuellsten Werke bringe.<\/p>\n<p><strong><img loading=\"lazy\" class=\" wp-image-277 alignleft\" src=\"http:\/\/theoretikerclub.de\/wp-content\/uploads\/2016\/08\/Gemeindeb\u00fccherei_Forstinning-300x168.jpg\" alt=\"\" width=\"177\" height=\"99\" srcset=\"http:\/\/theoretikerclub.de\/wp-content\/uploads\/2016\/08\/Gemeindeb\u00fccherei_Forstinning-300x168.jpg 300w, http:\/\/theoretikerclub.de\/wp-content\/uploads\/2016\/08\/Gemeindeb\u00fccherei_Forstinning.jpg 580w\" sizes=\"(max-width: 177px) 100vw, 177px\" \/>Rubina Knopf<\/strong> hat die Gemeindeb\u00fccherei Forstinning quasi mit aus der Taufe gehoben, weswegen sie in dem Ort auch jeder kennt. Schade, dass ich dort nicht mehr wohne, denn ihrem Buch-Geschmack w\u00fcrde ich blind vertrauen.<\/p>\n<p><strong>Angelika Graf-Cuiper<\/strong> von der reizenden B\u00fccherei in Planegg, die in einem tollen und wunderbar gestalteten Neubau residiert, gar nicht so weit weg von meinem Heimatort. Da kann man echt neidisch werden.<\/p>\n<p><strong>Ingrid M\u00fcller-He\u00df<\/strong> von der Stadtb\u00fccherei Erding hat das tollste Lese-Forum, das ich bisher in einer \u00f6ffentlichen Bibliothek gesehen habe. Und damit sind auch die Erdinger Sch\u00fcler wirklich immer ein gro\u00dfartiges Publikum.<\/p>\n<p><img loading=\"lazy\" class=\" wp-image-182 alignright\" src=\"http:\/\/theoretikerclub.de\/wp-content\/uploads\/2016\/08\/Amfit-Thea-Teer-300x181.jpg\" alt=\"amfit-thea-teer\" width=\"230\" height=\"139\" srcset=\"http:\/\/theoretikerclub.de\/wp-content\/uploads\/2016\/08\/Amfit-Thea-Teer-300x181.jpg 300w, http:\/\/theoretikerclub.de\/wp-content\/uploads\/2016\/08\/Amfit-Thea-Teer.jpg 538w\" sizes=\"(max-width: 230px) 100vw, 230px\" \/><\/p>\n<p><strong>Christiane Wei\u00df<\/strong> und <strong>Anja Hartmann<\/strong> von der Stadtb\u00fccherei Bamberg leben B\u00fccher, lieben Vorlesewettbewerbe und haben einen wundersch\u00f6nen alten Lesesaal, in dem man sich sofort wohl f\u00fchlt.<\/p>\n<p><strong>Anja Schamberger<\/strong> aus der B\u00fccherei Auerbach im Vogtland, organisiert mit <strong>Katrin Sitte, Katja Peterfi<\/strong> und<strong> Babett Fugmann<\/strong> ein sehr charmantes Lesefestival durch das gesamte Vogtland: &#8222;LiteraturWAGEN&#8220;.<\/p>\n<p><strong>Georg Andr\u00e9<\/strong> und <strong>Eva Keller<\/strong> von der Bibliothek Saarlouis. Die residiert im eindrucksvollen Theater am Ring. Auf der Leseb\u00fchne aus den 60er Jahren haben schon viele ganz gro\u00dfe Kinderbuchautoren gelesen.<\/p>\n<p><strong>Martha Maucher<\/strong> von der B\u00fccherei in Markt H\u00f6chberg, die die sch\u00f6nsten und leuchtendsten Lesest\u00fchle f\u00fcr Kinder hat. Au\u00dferdem hat sie mich wirklich \u00fcberzeugt, dass Bonbons in Lesungen eigentlich total un<strong><img loading=\"lazy\" class=\" wp-image-416 alignleft\" src=\"http:\/\/anja-janotta.de\/wp-content\/uploads\/2018\/05\/Lesungs-St\u00fchle-H\u00f6chberg-225x300.jpg\" alt=\"\" width=\"149\" height=\"199\" \/><\/strong>gesund sind.<\/p>\n<p><strong>Karin Gruber<\/strong> ist eine echte Schlossherrin. Das alte Wasserschloss in Rottendorf beherbergt n\u00e4mlich die B\u00fccherei der Gemeinde. Und die Lesungen finden im sch\u00f6nen Trausaal statt. Ja, ich will (&#8230;wiederkommen).<\/p>\n<p><strong>Carolin Bayer<\/strong> aus der Stadtb\u00fccherei Gunzenhausen f\u00fcllt insbesondere den Leseclub in den bayerischen Sommerferien mit ganz viel Lebendigkeit und Herzlichkeit. Und kennt jedes junge Mitglied h\u00f6chstpers\u00f6nlich. Inklusive Lese-Pr\u00e4ferenz, versteht sich.<\/p>\n<p>Meine Lieblingsbibliothekarinnen am Bodensee sind die beiden Planungs-Genies der Kinder- und Jugendbuchtagen Singen <strong>Christinae Th\u00fcrmer<\/strong> und <strong>Petra Petersen<\/strong>, ihre Kolleginnen <strong>Doris Br\u00fctsch<\/strong>, festangestellte Schulbibliothekarin beim Friedrich-W\u00f6hler-Gymnasium und <strong>Lieselotte Banhardt<\/strong>, ihresgleichen am Hegau-Gymnasium. Beide haben eine wirklich beeindruckende Mediensammlung unter sich. In der Nachbargemeinde in Stockach k\u00fcmmert sich<strong> Cornelia Feuerei\u00dfen<\/strong> mit Leidenschaft um die Schulb\u00fccherei, in der Gemeindeb\u00fccherei k\u00fcmmert sich <strong>Sabine Luther-K\u00f6gl\u00a0 <\/strong>auch mal um Touristenanfragen. Und das ebenso engagiert und liebensw\u00fcrdig wie <strong>Gisela Zenker<\/strong> von der B\u00fccherei Konstanz.<\/p>\n<p><img loading=\"lazy\" class=\" wp-image-566 alignright\" src=\"http:\/\/anja-janotta.de\/wp-content\/uploads\/2019\/01\/w\u00f6rthsee-300x300.jpg\" alt=\"\" width=\"186\" height=\"186\" \/><\/p>\n<p><strong>Juliane Seeliger<\/strong> von der B\u00fccherei in Steinebach hat den sch\u00f6nsten Arbeitsplatz der Welt, weil sie auf meinen erkl\u00e4rten Lieblingssee schauen darf: den W\u00f6rthsee. Lesungen finden im Sitzungssaal des Rathauses statt und da gibt es wirklich ein grandioses Panorama.<\/p>\n<p><strong>Heike-L\u00f6ffler-Schrimpf<\/strong> f\u00fchrt ehrenamtlich die B\u00fccherei in Braunschweig-Querum und nimmt&#8217;s ganz gelassen, wenn eine Horde Grundsch\u00fcler von nebenan auch mal mit sterbensdreckigen Stra\u00dfenschuhen einfallen. Ausgeglichene Leser sind doch die besten.<\/p>\n<p><strong>Catrin Rossel<\/strong> von der B\u00fccherei in Uslar freut sich \u00fcber edie Unterst\u00fctzung eines aktiven Kultur-Vereins. Deshalb gibt es dort auch au\u00dfergew\u00f6hnlich viele Lesungen &#8211; insbesondere auch f\u00fcr Kinder.<\/p>\n<p><strong><img loading=\"lazy\" class=\" wp-image-637 alignleft\" src=\"http:\/\/anja-janotta.de\/wp-content\/uploads\/2019\/04\/Osterhofen-300x225.jpg\" alt=\"\" width=\"197\" height=\"148\" \/>Angie Pfligl<\/strong> aus Osterhofen hat sozusagen kirchlichen Beistand, denn die Ortskirche spiegelt sich in der Glasfassade der niederbayerischen B\u00fccherei. Liebe Kollegen, es gibt keine bessere Betreuung und einen charmanteren Empfang als dort. Pst, aber ich hab&#8217;s nicht verraten&#8230;<\/p>\n<p><strong>Sabine K\u00f6perl<\/strong> aus Langenau f\u00e4hrt auch pers\u00f6nlich ihre AutorInnen zur Schule, wenn&#8217;s sein muss. Un<img loading=\"lazy\" class=\" wp-image-754 alignright\" src=\"http:\/\/anja-janotta.de\/wp-content\/uploads\/2020\/11\/Co-Rona-300x146.jpg\" alt=\"\" width=\"210\" height=\"102\" \/>d wenn&#8217;s eilig zum Zug gehen muss, dann auch gerne flott. Den Zug habe ich ganz bequem erwischt. Danke nochmal!<\/p>\n<p><strong>Anja Schneer<\/strong> aus L\u00fcbeck mit ihren Kolleginnen <strong>Erika Meyer<\/strong> und <strong>Ruth Engbers<\/strong>, die in K.O-Rona-Zeiten auch vor digitalen Herausforderungen nicht zur\u00fcckschrecken und eine tolle Online-Lesung einrichten und moderieren. Da geht sogar Corona in die Knie. (Die geniale Zeichnung dazu ist \u00fcbrigens von\u00a0 Anja Schnerr)<\/p>\n<p><strong>Susanne Kiesel<\/strong> von der B\u00fccherei Kornwestheim bindet jede Mitarbeiterin und jeden Mitarbeiter herzlich in die Lesungen ein. Mit eben dieser besonderen Wertsch\u00e4tzung werden auch die Autoren bedacht.<\/p>\n<p><strong><img loading=\"lazy\" class=\"i09qtzwb n7fi1qx3 datstx6m pmk7jnqg j9ispegn kr520xx4 k4urcfbm alignleft\" src=\"https:\/\/scontent-muc2-1.xx.fbcdn.net\/v\/t1.6435-9\/p960x960\/242696943_2709649912672073_1884083024975215274_n.jpg?_nc_cat=109&amp;ccb=1-5&amp;_nc_sid=730e14&amp;_nc_ohc=j2HHs-Qvs-0AX9WllSA&amp;_nc_ht=scontent-muc2-1.xx&amp;oh=a06bca47fb4e9eb45ab14b986f92e809&amp;oe=6171FC27\" alt=\"\" width=\"180\" height=\"180\" \/>Martin Wolfsdorf<\/strong> von der Satdtb\u00fccherei \u00d6hringen hat einen der sch\u00f6nsten Leseorte, an denen ich bisher lesen durfte: Der alte Ratssaal in \u00d6hringen. Mit Butzenscheiben, geschnitzten Holzfiguren an der Decke und einer ehrfurchtgebietenden T\u00fcr &#8211; hier d\u00fcrfen nur flei\u00dfige LeserInnen rein!<\/p>\n","protected":false},"excerpt":{"rendered":"<p>Muss doch nicht immer Amazon sein, oder? Eben! Und weil ich in meinem neuen Leben als Autorin so viele tolle Buchh\u00e4ndler kennen gelernt habe, die viel mehr Ahnung haben als <a class=\"more-link\" href=\"http:\/\/theoretikerclub.de\/index.php\/lieblingsbuchhaendler\/\">Continue Reading \u2192<\/a><\/p>\n","protected":false},"author":1,"featured_media":0,"parent":0,"menu_order":0,"comment_status":"closed","ping_status":"closed","template":"","meta":[],"_links":{"self":[{"href":"http:\/\/theoretikerclub.de\/index.php\/wp-json\/wp\/v2\/pages\/16"}],"collection":[{"href":"http:\/\/theoretikerclub.de\/index.php\/wp-json\/wp\/v2\/pages"}],"about":[{"href":"http:\/\/theoretikerclub.de\/index.php\/wp-json\/wp\/v2\/types\/page"}],"author":[{"embeddable":true,"href":"http:\/\/theoretikerclub.de\/index.php\/wp-json\/wp\/v2\/users\/1"}],"replies":[{"embeddable":true,"href":"http:\/\/theoretikerclub.de\/index.php\/wp-json\/wp\/v2\/comments?post=16"}],"version-history":[{"count":47,"href":"http:\/\/theoretikerclub.de\/index.php\/wp-json\/wp\/v2\/pages\/16\/revisions"}],"predecessor-version":[{"id":380,"href":"http:\/\/theoretikerclub.de\/index.php\/wp-json\/wp\/v2\/pages\/16\/revisions\/380"}],"wp:attachment":[{"href":"http:\/\/theoretikerclub.de\/index.php\/wp-json\/wp\/v2\/media?parent=16"}],"curies":[{"name":"wp","href":"https:\/\/api.w.org\/{rel}","templated":true}]}}